{"id":1233,"date":"2024-06-05T13:45:25","date_gmt":"2024-06-05T13:45:25","guid":{"rendered":"http:\/\/verlag-siebzehn.de\/?page_id=1233"},"modified":"2026-04-01T14:28:43","modified_gmt":"2026-04-01T14:28:43","slug":"langohren-mustermix","status":"publish","type":"page","link":"https:\/\/verlag-siebzehn.de\/?page_id=1233","title":{"rendered":"Gem\u00e4lde"},"content":{"rendered":"\n<p class=\"has-white-background-color has-background\">Die gezeigten Gem\u00e4lde sind, sofern verf\u00fcgbar, direkt \u00fcber den Verlag Siebzehn zu erwerben. Die Preise der Originalgem\u00e4lde werden gerne auf Anfrage benannt.<br><br>Kontakt: <a href=\"atelier-poessnecker@gmx.de\">atelier-poessnecker@gmx.de<\/a><\/p>\n\n\n\n<h2 class=\"wp-block-heading\">Ernst Brand<\/h2>\n\n\n\n<figure class=\"wp-block-image size-large\"><a href=\"https:\/\/verlag-siebzehn.de\/wp-content\/uploads\/2026\/04\/Brand-Roma-in-1938.jpg\"><img decoding=\"async\" loading=\"lazy\" width=\"799\" height=\"1024\" src=\"https:\/\/verlag-siebzehn.de\/wp-content\/uploads\/2026\/04\/Brand-Roma-in-1938-799x1024.jpg\" alt=\"\" class=\"wp-image-1433\" srcset=\"https:\/\/verlag-siebzehn.de\/wp-content\/uploads\/2026\/04\/Brand-Roma-in-1938-799x1024.jpg 799w, https:\/\/verlag-siebzehn.de\/wp-content\/uploads\/2026\/04\/Brand-Roma-in-1938-234x300.jpg 234w, https:\/\/verlag-siebzehn.de\/wp-content\/uploads\/2026\/04\/Brand-Roma-in-1938-768x984.jpg 768w, https:\/\/verlag-siebzehn.de\/wp-content\/uploads\/2026\/04\/Brand-Roma-in-1938-1199x1536.jpg 1199w, https:\/\/verlag-siebzehn.de\/wp-content\/uploads\/2026\/04\/Brand-Roma-in-1938-1598x2048.jpg 1598w, https:\/\/verlag-siebzehn.de\/wp-content\/uploads\/2026\/04\/Brand-Roma-in-1938.jpg 1982w\" sizes=\"(max-width: 799px) 100vw, 799px\" \/><\/a><figcaption class=\"wp-element-caption\">Ernst Brand, &#8222;Sant\u00b4Angelo in Pescheria. Roma&#8220;, \u00d6l auf Leinwand, 60,5 x 76 cm, signiert und datiert in 1938<\/figcaption><\/figure>\n\n\n\n<p>Das Bild &#8222;Sant\u00b4Angelo in Pescheria&#8220; entstand w\u00e4hrend eines Italien &#8211; Stipendiums, welches durch die Stadt D\u00fcsseldorf und dem Kunstverein f\u00fcr die Rheinlande und Westfalen dem Trierer Maler Ernst Brand gew\u00e4hrt wurde. Es ist gerahmt verf\u00fcgbar. Preis auf Anfrage.<\/p>\n\n\n\n<h2 class=\"wp-block-heading\">Ulrich Poessnecker<\/h2>\n\n\n\n<figure class=\"wp-block-image size-large\"><a href=\"https:\/\/verlag-siebzehn.de\/wp-content\/uploads\/2024\/06\/Poessnecker-Ulrich-Jugend-1-scaled.jpeg\"><img decoding=\"async\" loading=\"lazy\" width=\"1024\" height=\"820\" src=\"https:\/\/verlag-siebzehn.de\/wp-content\/uploads\/2024\/06\/Poessnecker-Ulrich-Jugend-1-1024x820.jpeg\" alt=\"Ulrich Poessnecker, &quot;Vor Mustermix 1&quot;, 2024\" class=\"wp-image-1236\" srcset=\"https:\/\/verlag-siebzehn.de\/wp-content\/uploads\/2024\/06\/Poessnecker-Ulrich-Jugend-1-1024x820.jpeg 1024w, https:\/\/verlag-siebzehn.de\/wp-content\/uploads\/2024\/06\/Poessnecker-Ulrich-Jugend-1-300x240.jpeg 300w, https:\/\/verlag-siebzehn.de\/wp-content\/uploads\/2024\/06\/Poessnecker-Ulrich-Jugend-1-768x615.jpeg 768w, https:\/\/verlag-siebzehn.de\/wp-content\/uploads\/2024\/06\/Poessnecker-Ulrich-Jugend-1-1536x1230.jpeg 1536w, https:\/\/verlag-siebzehn.de\/wp-content\/uploads\/2024\/06\/Poessnecker-Ulrich-Jugend-1-2048x1640.jpeg 2048w\" sizes=\"(max-width: 1024px) 100vw, 1024px\" \/><\/a><figcaption class=\"wp-element-caption\">Ulrich Poessnecker, &#8222;Luise&#8220;, Acrylmalerei auf Leinwand \/ Keilrahmen, auf der R\u00fcckseite signiert und datiert, 40 x 50 cm, 2024. (auch als Original &#8211; Replik auf Leinwand verf\u00fcgbar: EUR 180,00)<\/figcaption><\/figure>\n\n\n\n<p>Das Acrylgem\u00e4lde &#8222;Luise&#8220; ist Teil einer gleichformatigen Bildfolge von vier Werken. Gezeigt werden Portr\u00e4tdarstellungen junger Frauen vor dynamisch &#8211; abstraktem Hintergrund. In limitierter Auflage und Originalgr\u00f6\u00dfe ebenfalls auf Leinwand und Keilrahmen ist das Bild &#8222;Luise&#8220; zudem als Original &#8211; K\u00fcnstlerreplik ab April 2026 verf\u00fcgbar.<\/p>\n\n\n\n<h2 class=\"wp-block-heading\">Fritz Reuter<\/h2>\n\n\n\n<figure class=\"wp-block-image size-large\"><a href=\"https:\/\/verlag-siebzehn.de\/wp-content\/uploads\/2026\/03\/Reuter-Fritz-Mosellandschaft-1949-scaled.jpg\"><img decoding=\"async\" loading=\"lazy\" width=\"1024\" height=\"817\" src=\"https:\/\/verlag-siebzehn.de\/wp-content\/uploads\/2026\/03\/Reuter-Fritz-Mosellandschaft-1949-1024x817.jpg\" alt=\"\" class=\"wp-image-1423\" srcset=\"https:\/\/verlag-siebzehn.de\/wp-content\/uploads\/2026\/03\/Reuter-Fritz-Mosellandschaft-1949-1024x817.jpg 1024w, https:\/\/verlag-siebzehn.de\/wp-content\/uploads\/2026\/03\/Reuter-Fritz-Mosellandschaft-1949-300x239.jpg 300w, https:\/\/verlag-siebzehn.de\/wp-content\/uploads\/2026\/03\/Reuter-Fritz-Mosellandschaft-1949-768x613.jpg 768w, https:\/\/verlag-siebzehn.de\/wp-content\/uploads\/2026\/03\/Reuter-Fritz-Mosellandschaft-1949-1536x1226.jpg 1536w, https:\/\/verlag-siebzehn.de\/wp-content\/uploads\/2026\/03\/Reuter-Fritz-Mosellandschaft-1949-2048x1635.jpg 2048w\" sizes=\"(max-width: 1024px) 100vw, 1024px\" \/><\/a><figcaption class=\"wp-element-caption\">Fritz Reuter, &#8222;Mosellandschaft mit bl\u00fchenden Apfelb\u00e4umen&#8220;, \u00d6lgem\u00e4lde, 40 x 49 cm, signiert und datiert 1949<\/figcaption><\/figure>\n\n\n\n<p>In seiner finalen Schaffensperiode dem deutschen Sp\u00e4timpressionismus nahestehend, stellte der Maler Fritz Reuter regelm\u00e4\u00dfig mit der europ\u00e4ischen Vereinigung Bildender K\u00fcnstler f\u00fcr Eifel und Ardennen aus. Das Gem\u00e4lde ist gerahmt und verf\u00fcgbar.<\/p>\n\n\n\n<h2 class=\"wp-block-heading\">Ulrich Poessnecker <\/h2>\n\n\n\n<figure class=\"wp-block-image size-large\"><a href=\"https:\/\/verlag-siebzehn.de\/wp-content\/uploads\/2024\/06\/Bildschirmfoto-2024-05-27-um-17.49.33-scaled.jpeg\"><img decoding=\"async\" loading=\"lazy\" width=\"1024\" height=\"687\" src=\"https:\/\/verlag-siebzehn.de\/wp-content\/uploads\/2024\/06\/Bildschirmfoto-2024-05-27-um-17.49.33-1024x687.jpeg\" alt=\"Ulrich Poessnecker, &quot;Vor Mustermix 2&quot;, 2024\" class=\"wp-image-1237\" srcset=\"https:\/\/verlag-siebzehn.de\/wp-content\/uploads\/2024\/06\/Bildschirmfoto-2024-05-27-um-17.49.33-1024x687.jpeg 1024w, https:\/\/verlag-siebzehn.de\/wp-content\/uploads\/2024\/06\/Bildschirmfoto-2024-05-27-um-17.49.33-300x201.jpeg 300w, https:\/\/verlag-siebzehn.de\/wp-content\/uploads\/2024\/06\/Bildschirmfoto-2024-05-27-um-17.49.33-768x515.jpeg 768w, https:\/\/verlag-siebzehn.de\/wp-content\/uploads\/2024\/06\/Bildschirmfoto-2024-05-27-um-17.49.33-1536x1031.jpeg 1536w, https:\/\/verlag-siebzehn.de\/wp-content\/uploads\/2024\/06\/Bildschirmfoto-2024-05-27-um-17.49.33-2048x1374.jpeg 2048w\" sizes=\"(max-width: 1024px) 100vw, 1024px\" \/><\/a><figcaption class=\"wp-element-caption\">Ulrich Poessnecker, &#8222;Schmetterling&#8220;, Acrylmalerei auf Leinwand, 40 x 50 cm, 2024<\/figcaption><\/figure>\n\n\n\n<figure class=\"wp-block-image size-large\"><a href=\"https:\/\/verlag-siebzehn.de\/wp-content\/uploads\/2026\/03\/Poessnecker-Ulrich-Eva22-Oelgemaelde-von-2022-scaled.jpg\"><img decoding=\"async\" loading=\"lazy\" width=\"1024\" height=\"705\" src=\"https:\/\/verlag-siebzehn.de\/wp-content\/uploads\/2026\/03\/Poessnecker-Ulrich-Eva22-Oelgemaelde-von-2022-1024x705.jpg\" alt=\"\" class=\"wp-image-1428\" srcset=\"https:\/\/verlag-siebzehn.de\/wp-content\/uploads\/2026\/03\/Poessnecker-Ulrich-Eva22-Oelgemaelde-von-2022-1024x705.jpg 1024w, https:\/\/verlag-siebzehn.de\/wp-content\/uploads\/2026\/03\/Poessnecker-Ulrich-Eva22-Oelgemaelde-von-2022-300x207.jpg 300w, https:\/\/verlag-siebzehn.de\/wp-content\/uploads\/2026\/03\/Poessnecker-Ulrich-Eva22-Oelgemaelde-von-2022-768x529.jpg 768w, https:\/\/verlag-siebzehn.de\/wp-content\/uploads\/2026\/03\/Poessnecker-Ulrich-Eva22-Oelgemaelde-von-2022-1536x1058.jpg 1536w, https:\/\/verlag-siebzehn.de\/wp-content\/uploads\/2026\/03\/Poessnecker-Ulrich-Eva22-Oelgemaelde-von-2022-2048x1410.jpg 2048w\" sizes=\"(max-width: 1024px) 100vw, 1024px\" \/><\/a><figcaption class=\"wp-element-caption\">Ulrich Poessnecker, &#8222;Eva&#8220;, \u00d6l auf Leinwand, 66 x 46 cm, 2022<\/figcaption><\/figure>\n\n\n\n<h2 class=\"wp-block-heading\">Ren\u00e9 Clarot<\/h2>\n\n\n\n<figure class=\"wp-block-image size-large\"><a href=\"https:\/\/verlag-siebzehn.de\/wp-content\/uploads\/2026\/04\/Clarot-Niederlande-1929-scaled.jpg\"><img decoding=\"async\" loading=\"lazy\" width=\"1024\" height=\"657\" src=\"https:\/\/verlag-siebzehn.de\/wp-content\/uploads\/2026\/04\/Clarot-Niederlande-1929-1024x657.jpg\" alt=\"\" class=\"wp-image-1434\" srcset=\"https:\/\/verlag-siebzehn.de\/wp-content\/uploads\/2026\/04\/Clarot-Niederlande-1929-1024x657.jpg 1024w, https:\/\/verlag-siebzehn.de\/wp-content\/uploads\/2026\/04\/Clarot-Niederlande-1929-300x192.jpg 300w, https:\/\/verlag-siebzehn.de\/wp-content\/uploads\/2026\/04\/Clarot-Niederlande-1929-768x493.jpg 768w, https:\/\/verlag-siebzehn.de\/wp-content\/uploads\/2026\/04\/Clarot-Niederlande-1929-1536x986.jpg 1536w, https:\/\/verlag-siebzehn.de\/wp-content\/uploads\/2026\/04\/Clarot-Niederlande-1929-2048x1314.jpg 2048w\" sizes=\"(max-width: 1024px) 100vw, 1024px\" \/><\/a><figcaption class=\"wp-element-caption\">Ren\u00e9 Clarot, &#8222;Niederl\u00e4ndische Hafenszenerie&#8220;, \u00d6l auf Leinwand, 80 x 56 cm, signiert und datiert in 1929<\/figcaption><\/figure>\n\n\n\n<p>Ren\u00e9 Clarot wurde 1882 in Belgien geboren und l\u00e4sst sich in den Kontext einer sp\u00e4timpressionistischen, gem\u00e4\u00dfigten Moderne einordnen. Ohne sich radikal einer bestimmten Avantgarde anzuschlie\u00dfen, arbeitete er wie viele Maler seiner Generation zwischen Tradition und Moderne. Seine Werke wurden mehr als 500 mal bei Auktionen, u. a. auch bei Christie\u00b4s, gezeigt und verkauft.<\/p>\n\n\n\n<p>Das vorgestellte Gem\u00e4lde wurde aufwendig renoviert und sehr hochwertig in Rahmen gesetzt. Es ist verf\u00fcgbar.<\/p>\n\n\n\n<h2 class=\"wp-block-heading\">Ruth Sedo<\/h2>\n\n\n\n<figure class=\"wp-block-image size-large\"><a href=\"https:\/\/verlag-siebzehn.de\/wp-content\/uploads\/2026\/02\/Ruth-Sedo-Ufergestein-2022-scaled.jpg\"><img decoding=\"async\" loading=\"lazy\" width=\"768\" height=\"1024\" src=\"https:\/\/verlag-siebzehn.de\/wp-content\/uploads\/2026\/02\/Ruth-Sedo-Ufergestein-2022-768x1024.jpg\" alt=\"\" class=\"wp-image-1345\" srcset=\"https:\/\/verlag-siebzehn.de\/wp-content\/uploads\/2026\/02\/Ruth-Sedo-Ufergestein-2022-768x1024.jpg 768w, https:\/\/verlag-siebzehn.de\/wp-content\/uploads\/2026\/02\/Ruth-Sedo-Ufergestein-2022-225x300.jpg 225w, https:\/\/verlag-siebzehn.de\/wp-content\/uploads\/2026\/02\/Ruth-Sedo-Ufergestein-2022-1152x1536.jpg 1152w, https:\/\/verlag-siebzehn.de\/wp-content\/uploads\/2026\/02\/Ruth-Sedo-Ufergestein-2022-1536x2048.jpg 1536w, https:\/\/verlag-siebzehn.de\/wp-content\/uploads\/2026\/02\/Ruth-Sedo-Ufergestein-2022-scaled.jpg 1920w\" sizes=\"(max-width: 768px) 100vw, 768px\" \/><\/a><figcaption class=\"wp-element-caption\">Ruth Sedo &#8222;Ufergestein&#8220;, 2022  (Das Gem\u00e4lde ist nicht mehr verf\u00fcgbar)<\/figcaption><\/figure>\n\n\n\n<figure class=\"wp-block-image size-large\"><a href=\"https:\/\/verlag-siebzehn.de\/wp-content\/uploads\/2024\/06\/Sedo-Ruth-Langohr-3-1-scaled.jpeg\"><img decoding=\"async\" loading=\"lazy\" width=\"767\" height=\"1024\" src=\"https:\/\/verlag-siebzehn.de\/wp-content\/uploads\/2024\/06\/Sedo-Ruth-Langohr-3-1-767x1024.jpeg\" alt=\"\" class=\"wp-image-1248\" srcset=\"https:\/\/verlag-siebzehn.de\/wp-content\/uploads\/2024\/06\/Sedo-Ruth-Langohr-3-1-767x1024.jpeg 767w, https:\/\/verlag-siebzehn.de\/wp-content\/uploads\/2024\/06\/Sedo-Ruth-Langohr-3-1-225x300.jpeg 225w, https:\/\/verlag-siebzehn.de\/wp-content\/uploads\/2024\/06\/Sedo-Ruth-Langohr-3-1-768x1025.jpeg 768w, https:\/\/verlag-siebzehn.de\/wp-content\/uploads\/2024\/06\/Sedo-Ruth-Langohr-3-1-1151x1536.jpeg 1151w, https:\/\/verlag-siebzehn.de\/wp-content\/uploads\/2024\/06\/Sedo-Ruth-Langohr-3-1-1535x2048.jpeg 1535w, https:\/\/verlag-siebzehn.de\/wp-content\/uploads\/2024\/06\/Sedo-Ruth-Langohr-3-1-scaled.jpeg 1918w\" sizes=\"(max-width: 767px) 100vw, 767px\" \/><\/a><figcaption class=\"wp-element-caption\">Ruth Sedo, &#8222;Langohr&#8220;, Acryl &#8211; Originalgem\u00e4lde auf Leinwand, signiert und datiert 2024<\/figcaption><\/figure>\n\n\n\n<figure class=\"wp-block-image size-large\"><a href=\"https:\/\/verlag-siebzehn.de\/wp-content\/uploads\/2026\/02\/Sedo-Ruth-Kanadagaense-Acryl-Atelier-Poessnecker-2022.png\"><img decoding=\"async\" loading=\"lazy\" width=\"1024\" height=\"698\" src=\"https:\/\/verlag-siebzehn.de\/wp-content\/uploads\/2026\/02\/Sedo-Ruth-Kanadagaense-Acryl-Atelier-Poessnecker-2022-1024x698.png\" alt=\"\" class=\"wp-image-1317\" srcset=\"https:\/\/verlag-siebzehn.de\/wp-content\/uploads\/2026\/02\/Sedo-Ruth-Kanadagaense-Acryl-Atelier-Poessnecker-2022-1024x698.png 1024w, https:\/\/verlag-siebzehn.de\/wp-content\/uploads\/2026\/02\/Sedo-Ruth-Kanadagaense-Acryl-Atelier-Poessnecker-2022-300x204.png 300w, https:\/\/verlag-siebzehn.de\/wp-content\/uploads\/2026\/02\/Sedo-Ruth-Kanadagaense-Acryl-Atelier-Poessnecker-2022-768x523.png 768w, https:\/\/verlag-siebzehn.de\/wp-content\/uploads\/2026\/02\/Sedo-Ruth-Kanadagaense-Acryl-Atelier-Poessnecker-2022-1536x1047.png 1536w, https:\/\/verlag-siebzehn.de\/wp-content\/uploads\/2026\/02\/Sedo-Ruth-Kanadagaense-Acryl-Atelier-Poessnecker-2022-2048x1395.png 2048w\" sizes=\"(max-width: 1024px) 100vw, 1024px\" \/><\/a><figcaption class=\"wp-element-caption\">Ruth Sedo, &#8222;Kanadag\u00e4nse&#8220;, Acrylmalerei auf Leinwand, signiert und datiert 2022<\/figcaption><\/figure>\n\n\n\n<p>Alle Bildrechte verbleiben ausschlie\u00dflich bei Verlag Siebzehn \/ Atelier Poessnecker und den K\u00fcnstlern des Ateliers Poessnecker, Asbachgasse, R\u00fcdesheim am Rhein. <br><br>All rights reserved.<\/p>\n\n\n\n<p>Kontakt: <a href=\"atelier-poessnecker@gmx.de\">atelier-poessnecker@gmx.de<\/a><\/p>\n\n\n\n<p><\/p>\n\n\n\n<p><\/p>\n\n\n\n<p><\/p>\n\n\n\n<figure class=\"wp-block-image size-large is-resized\"><a href=\"https:\/\/verlag-siebzehn.de\/wp-content\/uploads\/2026\/02\/Verlag-17-Logo-2025-1-scaled.jpeg\"><img decoding=\"async\" loading=\"lazy\" src=\"https:\/\/verlag-siebzehn.de\/wp-content\/uploads\/2026\/02\/Verlag-17-Logo-2025-1-1024x441.jpeg\" alt=\"\" class=\"wp-image-1318\" width=\"213\" height=\"91\" srcset=\"https:\/\/verlag-siebzehn.de\/wp-content\/uploads\/2026\/02\/Verlag-17-Logo-2025-1-1024x441.jpeg 1024w, https:\/\/verlag-siebzehn.de\/wp-content\/uploads\/2026\/02\/Verlag-17-Logo-2025-1-300x129.jpeg 300w, https:\/\/verlag-siebzehn.de\/wp-content\/uploads\/2026\/02\/Verlag-17-Logo-2025-1-768x331.jpeg 768w, https:\/\/verlag-siebzehn.de\/wp-content\/uploads\/2026\/02\/Verlag-17-Logo-2025-1-1536x662.jpeg 1536w, https:\/\/verlag-siebzehn.de\/wp-content\/uploads\/2026\/02\/Verlag-17-Logo-2025-1-2048x883.jpeg 2048w\" sizes=\"(max-width: 213px) 100vw, 213px\" \/><\/a><\/figure>\n","protected":false},"excerpt":{"rendered":"<p>Die gezeigten Gem\u00e4lde sind, sofern verf\u00fcgbar, direkt \u00fcber den Verlag Siebzehn zu erwerben. Die Preise der Originalgem\u00e4lde werden gerne auf Anfrage benannt. Kontakt: atelier-poessnecker@gmx.de Ernst Brand Das Bild &#8222;Sant\u00b4Angelo in Pescheria&#8220; entstand w\u00e4hrend eines Italien &#8211; Stipendiums, welches durch die Stadt D\u00fcsseldorf und dem Kunstverein f\u00fcr die Rheinlande und Westfalen dem Trierer Maler Ernst Brand &#8230; <span class=\"more\"><a class=\"more-link\" href=\"https:\/\/verlag-siebzehn.de\/?page_id=1233\">[Read more&#8230;]<\/a><\/span><\/p>\n","protected":false},"author":1,"featured_media":0,"parent":0,"menu_order":0,"comment_status":"closed","ping_status":"closed","template":"","meta":[],"_links":{"self":[{"href":"https:\/\/verlag-siebzehn.de\/index.php?rest_route=\/wp\/v2\/pages\/1233"}],"collection":[{"href":"https:\/\/verlag-siebzehn.de\/index.php?rest_route=\/wp\/v2\/pages"}],"about":[{"href":"https:\/\/verlag-siebzehn.de\/index.php?rest_route=\/wp\/v2\/types\/page"}],"author":[{"embeddable":true,"href":"https:\/\/verlag-siebzehn.de\/index.php?rest_route=\/wp\/v2\/users\/1"}],"replies":[{"embeddable":true,"href":"https:\/\/verlag-siebzehn.de\/index.php?rest_route=%2Fwp%2Fv2%2Fcomments&post=1233"}],"version-history":[{"count":17,"href":"https:\/\/verlag-siebzehn.de\/index.php?rest_route=\/wp\/v2\/pages\/1233\/revisions"}],"predecessor-version":[{"id":1435,"href":"https:\/\/verlag-siebzehn.de\/index.php?rest_route=\/wp\/v2\/pages\/1233\/revisions\/1435"}],"wp:attachment":[{"href":"https:\/\/verlag-siebzehn.de\/index.php?rest_route=%2Fwp%2Fv2%2Fmedia&parent=1233"}],"curies":[{"name":"wp","href":"https:\/\/api.w.org\/{rel}","templated":true}]}}